{"id":117,"date":"2017-01-13T11:18:40","date_gmt":"2017-01-13T10:18:40","guid":{"rendered":"http:\/\/www.jardinature.net\/wordp\/?page_id=117"},"modified":"2026-04-03T16:44:16","modified_gmt":"2026-04-03T14:44:16","slug":"infrastructure","status":"publish","type":"page","link":"https:\/\/www.maillon-gilly.be\/?page_id=117","title":{"rendered":"Infrastructure"},"content":{"rendered":"<p align=\"center\"><img loading=\"lazy\" class=\"alignnone wp-image-250 size-full\" src=\"http:\/\/www.maillon-gilly.be\/wp-content\/uploads\/2017\/01\/maillon_residence3.jpg\" alt=\"Le Maillon Asbl\" width=\"600\" height=\"398\" srcset=\"https:\/\/www.maillon-gilly.be\/wp-content\/uploads\/2017\/01\/maillon_residence3.jpg 600w, https:\/\/www.maillon-gilly.be\/wp-content\/uploads\/2017\/01\/maillon_residence3-300x199.jpg 300w\" sizes=\"(max-width: 600px) 100vw, 600px\" \/><\/p>\n<p align=\"left\"><span style=\"font-size: large;\"><span style=\"color: #008000;\"><b>PRESENTATION DE L\u2019INFRASTRUCTURE<\/b><\/span><\/span><\/p>\n<p align=\"left\"><span style=\"font-size: large;\">Notre \u00ab\u00a0Maison\u00a0\u00bb est situ\u00e9e dans un quartier compos\u00e9 de maisons ouvri\u00e8res et d\u2019une menuiserie.<br \/>\nNotre propri\u00e9t\u00e9 se trouve \u00e0 la limite du grand Charleroi, dans une zone d\u00e9gag\u00e9e et verdur\u00e9e.<br \/>\nLa partie h\u00e9bergement se compose de l\u2019Espace Briquet et de l\u2019aile des a\u00een\u00e9s.<br \/>\nLes ateliers occupationnels se situent \u00e0 l\u2019Espace Adam.<\/span><\/p>\n<p align=\"left\"><span style=\"font-size: large;\"><b>L\u2019h\u00e9bergement \u00ab Espace Georges Briquet \u00bb<\/b> :<\/span><\/p>\n<p align=\"center\"><img loading=\"lazy\" class=\"alignnone wp-image-255 size-full\" src=\"http:\/\/www.maillon-gilly.be\/wp-content\/uploads\/2017\/01\/Maillon_entree02.jpg\" alt=\"L\u2019h\u00e9bergement Espace Georges Briquet\" width=\"600\" height=\"450\" srcset=\"https:\/\/www.maillon-gilly.be\/wp-content\/uploads\/2017\/01\/Maillon_entree02.jpg 600w, https:\/\/www.maillon-gilly.be\/wp-content\/uploads\/2017\/01\/Maillon_entree02-300x225.jpg 300w\" sizes=\"(max-width: 600px) 100vw, 600px\" \/><\/p>\n<p align=\"left\"><span style=\"font-size: large;\">L&rsquo;habitat du Maillon est une construction moderne. N\u00e9anmoins, d\u2019importants travaux de r\u00e9novation ont \u00e9t\u00e9 r\u00e9alis\u00e9s ou sont en voie de l\u2019\u00eatre, afin d\u2019offrir aux r\u00e9sidents un milieu de vie agr\u00e9able.<br \/>\nChacun d\u2019eux poss\u00e8de une chambre individuelle avec un petit cabinet de toilette (lavabo, W-C). Chaque chambre a \u00e9galement b\u00e9n\u00e9fici\u00e9 d\u2019une r\u00e9novation personnalis\u00e9e.<\/span><\/p>\n<p align=\"left\"><span style=\"font-size: large;\">Chaque unit\u00e9 de vie, au nombre de 2, dispose d&rsquo;un coin salon, salle \u00e0 manger ; un espace est \u00e0 la disposition des fumeurs. Une pi\u00e8ce \u00ab cocoon \u00bb a \u00e9t\u00e9 am\u00e9nag\u00e9e dans une unit\u00e9 afin de permettre aux r\u00e9sidents de se retrouver en petit groupe lors des repas et de moments informels ou de pouvoir s\u2019isoler.<\/span><\/p>\n<p align=\"left\"><span style=\"font-size: large;\">Le Maillon dispose \u00e9galement d\u2019une cuisine centrale enti\u00e8rement r\u00e9am\u00e9nag\u00e9e, d\u2019une infirmerie avec cabinet m\u00e9dical, de 2 salles de bain dont une adapt\u00e9e, de 2 douches, d\u2019une salle de r\u00e9union qui trouve aussi son utilit\u00e9 pour les visites des familles aux r\u00e9sidents et les rencontres \u00e9ventuelles entre la direction, les \u00e9quipes pluridisciplinaires et les familles des r\u00e9sidents (ou futurs r\u00e9sidents).<br \/>\nLe Maillon compte aussi des bureaux administratifs ainsi qu\u2019une laverie-buanderie centralis\u00e9e et des locaux techniques.<\/span><\/p>\n<p align=\"left\"><span style=\"font-size: large;\">Depuis septembre 2000, un espace \u00ab Snoezelen \u00bb a \u00e9t\u00e9 mis \u00e0 la disposition des r\u00e9sidents.<\/span><\/p>\n<p align=\"left\"><span style=\"font-size: large;\">Depuis 2003, un petit vignoble a vu le jour. Il est constitu\u00e9 de 630 pieds de vignes (Pinot Noir et une petite partie Marsane).<\/span><\/p>\n<p align=\"left\"><span style=\"font-size: large;\"><b>\u00ab Le Petit Maillon \u00bb (Espace A\u00een\u00e9s)<\/b><\/span><\/p>\n<p align=\"center\"><img loading=\"lazy\" class=\"alignnone wp-image-256 size-full\" src=\"http:\/\/www.maillon-gilly.be\/wp-content\/uploads\/2017\/01\/Aile_aines02.jpg\" alt=\"Le Petit Maillon (Espace A\u00een\u00e9s)\" width=\"600\" height=\"450\" srcset=\"https:\/\/www.maillon-gilly.be\/wp-content\/uploads\/2017\/01\/Aile_aines02.jpg 600w, https:\/\/www.maillon-gilly.be\/wp-content\/uploads\/2017\/01\/Aile_aines02-300x225.jpg 300w\" sizes=\"(max-width: 600px) 100vw, 600px\" \/><\/p>\n<p align=\"center\"><i><span style=\"font-size: medium;\">L&rsquo;aile des A\u00een\u00e9s avec la terrasse<\/span><\/i><\/p>\n<p align=\"left\"><span style=\"font-size: large;\">Face au probl\u00e8me du vieillissement de nos r\u00e9sidents, le C.A. a d\u00e9cid\u00e9 de construire un espace plus adapt\u00e9. Depuis f\u00e9vrier 2006, la nouvelle structure est fonctionnelle (circulation chaises roulantes, accessibilit\u00e9, \u2026).<\/span><\/p>\n<p align=\"left\"><span style=\"font-size: large;\">Pour ne pas d\u00e9sorienter les personnes, Le Petit Maillon est int\u00e9gr\u00e9 dans l\u2019ancienne structure. L\u2019objectif est de garder les \u00e9changes entre les r\u00e9sidents.<br \/>\nCette structure se compose d\u2019une grande pi\u00e8ce de vie comportant un salon, une cuisine ouverte de type familial et un coin \u00e0 manger. Le bloc central est constitu\u00e9 d\u2019une salle de bain adapt\u00e9e (baignoire compatible avec un \u00e9l\u00e9vateur) avec coin douche et d\u2019une infirmerie qui est am\u00e9nag\u00e9e avec du mat\u00e9riel kin\u00e9.<br \/>\nLes 10 chambres individuelles avec cabinet de toilette (lavabo-wc) ont \u00e9t\u00e9 pr\u00e9vues pour un acc\u00e8s ais\u00e9 m\u00eame aux personnes \u00e0 mobilit\u00e9 r\u00e9duite et se situent tout autour de cet espace de vie, un peu \u00e0 la mani\u00e8re d\u2019un \u00ab cantou \u00bb.<\/span><\/p>\n<p align=\"center\"><img loading=\"lazy\" class=\"alignnone wp-image-257 size-full\" src=\"http:\/\/www.maillon-gilly.be\/wp-content\/uploads\/2017\/01\/Aile_aines01.jpg\" alt=\"L'aile des A\u00een\u00e9s (arri\u00e8re)\" width=\"600\" height=\"450\" srcset=\"https:\/\/www.maillon-gilly.be\/wp-content\/uploads\/2017\/01\/Aile_aines01.jpg 600w, https:\/\/www.maillon-gilly.be\/wp-content\/uploads\/2017\/01\/Aile_aines01-300x225.jpg 300w\" sizes=\"(max-width: 600px) 100vw, 600px\" \/><\/p>\n<p align=\"center\"><span style=\"font-size: medium;\"><i>L&rsquo;aile des A\u00een\u00e9s (arri\u00e8re)<\/i><\/span><\/p>\n<p align=\"left\"><span style=\"font-size: large;\">L\u2019espace des a\u00een\u00e9s est destin\u00e9 prioritairement aux r\u00e9sidents du Maillon afin de leur garantir une qualit\u00e9 de vie m\u00eame lorsque l\u2019avanc\u00e9e en \u00e2ge entra\u00eene une perte de mobilit\u00e9 et des pathologies associ\u00e9es li\u00e9es au vieillissement.<\/span><\/p>\n<p align=\"left\"><span style=\"font-size: large;\"><b>\u00ab L\u2019Espace Fernand Adam \u00bb<\/b> :<\/span><\/p>\n<p align=\"center\"><img loading=\"lazy\" class=\"alignnone wp-image-258 size-full\" src=\"http:\/\/www.maillon-gilly.be\/wp-content\/uploads\/2017\/01\/Ateliers_Espace_Adam.jpg\" alt=\"L\u2019Espace Fernand Adam\" width=\"600\" height=\"295\" srcset=\"https:\/\/www.maillon-gilly.be\/wp-content\/uploads\/2017\/01\/Ateliers_Espace_Adam.jpg 600w, https:\/\/www.maillon-gilly.be\/wp-content\/uploads\/2017\/01\/Ateliers_Espace_Adam-300x148.jpg 300w\" sizes=\"(max-width: 600px) 100vw, 600px\" \/><\/p>\n<p align=\"center\"><span style=\"font-size: medium;\"><i>Vue sur les ateliers de l&rsquo;Espace Adam<\/i><\/span><\/p>\n<p align=\"left\"><span style=\"font-size: large;\">Cet espace a \u00e9t\u00e9 inaugur\u00e9 en octobre 2000. La construction est situ\u00e9e en face de l\u2019 \u00ab Espace Briquet \u00bb, un peu plus bas dans la rue.<br \/>\nDes locaux d&rsquo;activit\u00e9s sont am\u00e9nag\u00e9s tout autour d\u2019une grande salle polyvalente sportive qui accueille \u00e9galement nos amis et visiteurs lors de nos nombreuses manifestations.<\/span><\/p>\n<p align=\"left\"><span style=\"font-size: large;\">On y trouve :<br \/>\n&#8211; 1 atelier \u00ab papier \u00bb<br \/>\n&#8211; 1 atelier \u00ab\u00a0bois artisanal\u00a0\u00bb &#8211; restauration<br \/>\n&#8211; 1 atelier \u00ab\u00a0peinture\u00a0\u00bb<br \/>\n&#8211; 1 atelier \u00ab\u00a0bougies\u00a0\u00bb<br \/>\n&#8211; 1 atelier \u00ab\u00a0c\u00e9ramique &#8211; poterie\u00a0\u00bb<br \/>\n&#8211; 1 atelier \u00ab\u00a0cuisine\u00a0\u00bb<br \/>\n&#8211; 1 local \u00ab cocoon \u00bb<br \/>\n&#8211; 1 salle de relaxation \/ psychomotricit\u00e9<\/span><\/p>\n<p align=\"left\"><span style=\"font-size: large;\">Un projet d\u2019am\u00e9nagement de l\u2019espace ext\u00e9rieur est en r\u00e9flexion.<\/span><\/p>\n<p align=\"center\"><img loading=\"lazy\" class=\"alignnone wp-image-259 size-full\" src=\"http:\/\/www.maillon-gilly.be\/wp-content\/uploads\/2017\/01\/Espace_Adam_arriere-1.jpg\" alt=\"Espace Adam (arri\u00e8re)\" width=\"600\" height=\"450\" srcset=\"https:\/\/www.maillon-gilly.be\/wp-content\/uploads\/2017\/01\/Espace_Adam_arriere-1.jpg 600w, https:\/\/www.maillon-gilly.be\/wp-content\/uploads\/2017\/01\/Espace_Adam_arriere-1-300x225.jpg 300w\" sizes=\"(max-width: 600px) 100vw, 600px\" \/><\/p>\n<p align=\"center\"><span style=\"font-size: medium;\"><i>Espace Adam (arri\u00e8re)<\/i><\/span><\/p>\n","protected":false},"excerpt":{"rendered":"<p>PRESENTATION DE L\u2019INFRASTRUCTURE Notre \u00ab\u00a0Maison\u00a0\u00bb est situ\u00e9e dans un quartier compos\u00e9 de maisons ouvri\u00e8res et d\u2019une menuiserie. Notre propri\u00e9t\u00e9 se trouve \u00e0 la limite du grand Charleroi, dans une zone d\u00e9gag\u00e9e et verdur\u00e9e. La partie h\u00e9bergement se compose de l\u2019Espace Briquet et de l\u2019aile des a\u00een\u00e9s. Les ateliers occupationnels se situent \u00e0 l\u2019Espace Adam. L\u2019h\u00e9bergement [&hellip;]<\/p>\n","protected":false},"author":1,"featured_media":0,"parent":0,"menu_order":0,"comment_status":"closed","ping_status":"closed","template":"","meta":[],"yoast_head":"<!-- This site is optimized with the Yoast SEO plugin v18.4.1 - https:\/\/yoast.com\/wordpress\/plugins\/seo\/ -->\n<title>Infrastructure - Le Maillon Asbl<\/title>\n<meta name=\"description\" content=\"Notre Maison est situ\u00e9e dans un quartier compos\u00e9 de maisons ouvri\u00e8res et d\u2019une menuiserie. Les ateliers occupationnels se situent \u00e0 l\u2019Espace Adam...\" \/>\n<meta name=\"robots\" content=\"index, follow, max-snippet:-1, max-image-preview:large, max-video-preview:-1\" \/>\n<link rel=\"canonical\" href=\"https:\/\/www.maillon-gilly.be\/?page_id=117\" \/>\n<meta property=\"og:locale\" content=\"fr_FR\" \/>\n<meta property=\"og:type\" content=\"article\" \/>\n<meta property=\"og:title\" content=\"Infrastructure - Le Maillon Asbl\" \/>\n<meta property=\"og:description\" content=\"Notre Maison est situ\u00e9e dans un quartier compos\u00e9 de maisons ouvri\u00e8res et d\u2019une menuiserie. Les ateliers occupationnels se situent \u00e0 l\u2019Espace Adam...\" \/>\n<meta property=\"og:url\" content=\"https:\/\/www.maillon-gilly.be\/?page_id=117\" \/>\n<meta property=\"og:site_name\" content=\"Le Maillon Asbl\" \/>\n<meta property=\"article:modified_time\" content=\"2026-04-03T14:44:16+00:00\" \/>\n<meta property=\"og:image\" content=\"http:\/\/www.maillon-gilly.be\/wp-content\/uploads\/2017\/01\/maillon_residence3.jpg\" \/>\n<meta name=\"twitter:label1\" content=\"Dur\u00e9e de lecture estim\u00e9e\" \/>\n\t<meta name=\"twitter:data1\" content=\"5 minutes\" \/>\n<script type=\"application\/ld+json\" class=\"yoast-schema-graph\">{\"@context\":\"https:\/\/schema.org\",\"@graph\":[{\"@type\":\"WebSite\",\"@id\":\"https:\/\/www.maillon-gilly.be\/#website\",\"url\":\"https:\/\/www.maillon-gilly.be\/\",\"name\":\"Le Maillon Asbl\",\"description\":\"Service r\u00e9sidentiel pour personnes adultes pr\u00e9sentant une d\u00e9ficience mentale\",\"potentialAction\":[{\"@type\":\"SearchAction\",\"target\":{\"@type\":\"EntryPoint\",\"urlTemplate\":\"https:\/\/www.maillon-gilly.be\/?s={search_term_string}\"},\"query-input\":\"required name=search_term_string\"}],\"inLanguage\":\"fr-FR\"},{\"@type\":\"ImageObject\",\"@id\":\"https:\/\/www.maillon-gilly.be\/?page_id=117#primaryimage\",\"inLanguage\":\"fr-FR\",\"url\":\"http:\/\/www.maillon-gilly.be\/wp-content\/uploads\/2017\/01\/maillon_residence3.jpg\",\"contentUrl\":\"http:\/\/www.maillon-gilly.be\/wp-content\/uploads\/2017\/01\/maillon_residence3.jpg\"},{\"@type\":\"WebPage\",\"@id\":\"https:\/\/www.maillon-gilly.be\/?page_id=117#webpage\",\"url\":\"https:\/\/www.maillon-gilly.be\/?page_id=117\",\"name\":\"Infrastructure - Le Maillon Asbl\",\"isPartOf\":{\"@id\":\"https:\/\/www.maillon-gilly.be\/#website\"},\"primaryImageOfPage\":{\"@id\":\"https:\/\/www.maillon-gilly.be\/?page_id=117#primaryimage\"},\"datePublished\":\"2017-01-13T10:18:40+00:00\",\"dateModified\":\"2026-04-03T14:44:16+00:00\",\"description\":\"Notre Maison est situ\u00e9e dans un quartier compos\u00e9 de maisons ouvri\u00e8res et d\u2019une menuiserie. Les ateliers occupationnels se situent \u00e0 l\u2019Espace Adam...\",\"breadcrumb\":{\"@id\":\"https:\/\/www.maillon-gilly.be\/?page_id=117#breadcrumb\"},\"inLanguage\":\"fr-FR\",\"potentialAction\":[{\"@type\":\"ReadAction\",\"target\":[\"https:\/\/www.maillon-gilly.be\/?page_id=117\"]}]},{\"@type\":\"BreadcrumbList\",\"@id\":\"https:\/\/www.maillon-gilly.be\/?page_id=117#breadcrumb\",\"itemListElement\":[{\"@type\":\"ListItem\",\"position\":1,\"name\":\"Accueil\",\"item\":\"https:\/\/www.maillon-gilly.be\/\"},{\"@type\":\"ListItem\",\"position\":2,\"name\":\"Infrastructure\"}]}]}<\/script>\n<!-- \/ Yoast SEO plugin. -->","yoast_head_json":{"title":"Infrastructure - Le Maillon Asbl","description":"Notre Maison est situ\u00e9e dans un quartier compos\u00e9 de maisons ouvri\u00e8res et d\u2019une menuiserie. Les ateliers occupationnels se situent \u00e0 l\u2019Espace Adam...","robots":{"index":"index","follow":"follow","max-snippet":"max-snippet:-1","max-image-preview":"max-image-preview:large","max-video-preview":"max-video-preview:-1"},"canonical":"https:\/\/www.maillon-gilly.be\/?page_id=117","og_locale":"fr_FR","og_type":"article","og_title":"Infrastructure - Le Maillon Asbl","og_description":"Notre Maison est situ\u00e9e dans un quartier compos\u00e9 de maisons ouvri\u00e8res et d\u2019une menuiserie. Les ateliers occupationnels se situent \u00e0 l\u2019Espace Adam...","og_url":"https:\/\/www.maillon-gilly.be\/?page_id=117","og_site_name":"Le Maillon Asbl","article_modified_time":"2026-04-03T14:44:16+00:00","og_image":[{"url":"http:\/\/www.maillon-gilly.be\/wp-content\/uploads\/2017\/01\/maillon_residence3.jpg"}],"twitter_misc":{"Dur\u00e9e de lecture estim\u00e9e":"5 minutes"},"schema":{"@context":"https:\/\/schema.org","@graph":[{"@type":"WebSite","@id":"https:\/\/www.maillon-gilly.be\/#website","url":"https:\/\/www.maillon-gilly.be\/","name":"Le Maillon Asbl","description":"Service r\u00e9sidentiel pour personnes adultes pr\u00e9sentant une d\u00e9ficience mentale","potentialAction":[{"@type":"SearchAction","target":{"@type":"EntryPoint","urlTemplate":"https:\/\/www.maillon-gilly.be\/?s={search_term_string}"},"query-input":"required name=search_term_string"}],"inLanguage":"fr-FR"},{"@type":"ImageObject","@id":"https:\/\/www.maillon-gilly.be\/?page_id=117#primaryimage","inLanguage":"fr-FR","url":"http:\/\/www.maillon-gilly.be\/wp-content\/uploads\/2017\/01\/maillon_residence3.jpg","contentUrl":"http:\/\/www.maillon-gilly.be\/wp-content\/uploads\/2017\/01\/maillon_residence3.jpg"},{"@type":"WebPage","@id":"https:\/\/www.maillon-gilly.be\/?page_id=117#webpage","url":"https:\/\/www.maillon-gilly.be\/?page_id=117","name":"Infrastructure - Le Maillon Asbl","isPartOf":{"@id":"https:\/\/www.maillon-gilly.be\/#website"},"primaryImageOfPage":{"@id":"https:\/\/www.maillon-gilly.be\/?page_id=117#primaryimage"},"datePublished":"2017-01-13T10:18:40+00:00","dateModified":"2026-04-03T14:44:16+00:00","description":"Notre Maison est situ\u00e9e dans un quartier compos\u00e9 de maisons ouvri\u00e8res et d\u2019une menuiserie. Les ateliers occupationnels se situent \u00e0 l\u2019Espace Adam...","breadcrumb":{"@id":"https:\/\/www.maillon-gilly.be\/?page_id=117#breadcrumb"},"inLanguage":"fr-FR","potentialAction":[{"@type":"ReadAction","target":["https:\/\/www.maillon-gilly.be\/?page_id=117"]}]},{"@type":"BreadcrumbList","@id":"https:\/\/www.maillon-gilly.be\/?page_id=117#breadcrumb","itemListElement":[{"@type":"ListItem","position":1,"name":"Accueil","item":"https:\/\/www.maillon-gilly.be\/"},{"@type":"ListItem","position":2,"name":"Infrastructure"}]}]}},"_links":{"self":[{"href":"https:\/\/www.maillon-gilly.be\/index.php?rest_route=\/wp\/v2\/pages\/117"}],"collection":[{"href":"https:\/\/www.maillon-gilly.be\/index.php?rest_route=\/wp\/v2\/pages"}],"about":[{"href":"https:\/\/www.maillon-gilly.be\/index.php?rest_route=\/wp\/v2\/types\/page"}],"author":[{"embeddable":true,"href":"https:\/\/www.maillon-gilly.be\/index.php?rest_route=\/wp\/v2\/users\/1"}],"replies":[{"embeddable":true,"href":"https:\/\/www.maillon-gilly.be\/index.php?rest_route=%2Fwp%2Fv2%2Fcomments&post=117"}],"version-history":[{"count":7,"href":"https:\/\/www.maillon-gilly.be\/index.php?rest_route=\/wp\/v2\/pages\/117\/revisions"}],"predecessor-version":[{"id":529,"href":"https:\/\/www.maillon-gilly.be\/index.php?rest_route=\/wp\/v2\/pages\/117\/revisions\/529"}],"wp:attachment":[{"href":"https:\/\/www.maillon-gilly.be\/index.php?rest_route=%2Fwp%2Fv2%2Fmedia&parent=117"}],"curies":[{"name":"wp","href":"https:\/\/api.w.org\/{rel}","templated":true}]}}