{"id":136,"date":"2017-01-13T11:41:02","date_gmt":"2017-01-13T10:41:02","guid":{"rendered":"http:\/\/www.jardinature.net\/wordp\/?page_id=136"},"modified":"2017-01-18T05:32:40","modified_gmt":"2017-01-18T04:32:40","slug":"evenements","status":"publish","type":"page","link":"https:\/\/www.maillon-gilly.be\/?page_id=136","title":{"rendered":"Ev\u00e9nements"},"content":{"rendered":"<p align=\"left\"><span style=\"font-size: large;\">De nombreuses manifestations sont organis\u00e9es au Maillon, en voici quelques exemples&#8230;<\/span><\/p>\n<p align=\"left\"><span style=\"font-size: large;\"><u><span style=\"color: #008000;\">F\u00eate du printemps au mois de mars<\/span><\/u><\/span><\/p>\n<p align=\"left\"><span style=\"font-size: large;\"> \u2022 Repas pour adultes et enfants, invitation aux parents, amis et autres.<\/span><\/p>\n<p align=\"left\"><u><span style=\"color: #008000; font-size: large;\">March\u00e9 de No\u00ebl en d\u00e9cembre<\/span><\/u><\/p>\n<p align=\"left\"><span style=\"font-size: large;\">\u2022 Organis\u00e9 par le service occupationnel avec l&rsquo;aide de l&rsquo;\u00e9quipe de l&rsquo;h\u00e9bergement<br \/>\n\u2022 Exposition, vente de travaux, artisanat<br \/>\n\u2022 Produits alimentaires \u00ab\u00a0maison\u00a0\u00bb: lasagnes, p\u00e2tisseries, etc&#8230;<br \/>\n\u2022 Repas fabriqu\u00e9s par les r\u00e9sidents et servis par ceux-ci avec l&rsquo;aide des \u00e9ducateurs.<\/span><\/p>\n<p align=\"left\"><span style=\"font-size: large;\"><span style=\"color: #008000;\"><u>Excursion d&rsquo;un jour avec la confr\u00e9rie<\/u><\/span><\/span><\/p>\n<p align=\"left\"><span style=\"font-size: large;\">\u2022 Voyage en car. Une journ\u00e9e de d\u00e9tente : r\u00e9sidents et membres de la confr\u00e9rie.<\/span><\/p>\n<p><span style=\"color: #008000; font-size: large;\"><u>Souper annuel avec le Lion&rsquo;s Club Sextant<\/u><\/span><\/p>\n<p align=\"left\"><span style=\"font-size: large;\">\u2022 Les membres du Lion&rsquo;s viennent avec leur \u00e9pouse et partagent un souper de No\u00ebl, les r\u00e9sidents sont int\u00e9gr\u00e9s avec les invit\u00e9s<br \/>\n\u2022 Echange de cadeaux, repas de f\u00eate.<\/span><\/p>\n<p><span style=\"color: #008000; font-size: large;\"><u>Journ\u00e9e excursion organis\u00e9e par le Lion&rsquo;s Club Sextant<\/u><\/span><\/p>\n<p align=\"left\"><span style=\"font-size: large;\">\u2022 Visite d&rsquo;un endroit touristique<br \/>\n\u2022 Restaurant<br \/>\n\u2022 Souper sandwichs au Maillon.<\/span><\/p>\n<p><span style=\"color: #008000; font-size: large;\"><u>Participation aux f\u00eates locales<\/u><\/span><\/p>\n<p align=\"left\"><span style=\"font-size: large;\">\u2022 Carnaval. Brocantes de quartier, animations, &#8230; <\/span><\/p>\n","protected":false},"excerpt":{"rendered":"<p>De nombreuses manifestations sont organis\u00e9es au Maillon, en voici quelques exemples&#8230; F\u00eate du printemps au mois de mars \u2022 Repas pour adultes et enfants, invitation aux parents, amis et autres. March\u00e9 de No\u00ebl en d\u00e9cembre \u2022 Organis\u00e9 par le service occupationnel avec l&rsquo;aide de l&rsquo;\u00e9quipe de l&rsquo;h\u00e9bergement \u2022 Exposition, vente de travaux, artisanat \u2022 Produits [&hellip;]<\/p>\n","protected":false},"author":1,"featured_media":0,"parent":0,"menu_order":0,"comment_status":"closed","ping_status":"closed","template":"","meta":[],"yoast_head":"<!-- This site is optimized with the Yoast SEO plugin v18.4.1 - https:\/\/yoast.com\/wordpress\/plugins\/seo\/ -->\n<title>Ev\u00e9nements - Le Maillon Asbl<\/title>\n<meta name=\"description\" content=\"De nombreuses manifestations sont organis\u00e9es au Maillon : F\u00eate du printemps, march\u00e9 de No\u00ebl, excursion d&#039;un jour, voyages en car...\" \/>\n<meta name=\"robots\" content=\"index, follow, max-snippet:-1, max-image-preview:large, max-video-preview:-1\" \/>\n<link rel=\"canonical\" href=\"https:\/\/www.maillon-gilly.be\/?page_id=136\" \/>\n<meta property=\"og:locale\" content=\"fr_FR\" \/>\n<meta property=\"og:type\" content=\"article\" \/>\n<meta property=\"og:title\" content=\"Ev\u00e9nements - Le Maillon Asbl\" \/>\n<meta property=\"og:description\" content=\"De nombreuses manifestations sont organis\u00e9es au Maillon : F\u00eate du printemps, march\u00e9 de No\u00ebl, excursion d&#039;un jour, voyages en car...\" \/>\n<meta property=\"og:url\" content=\"https:\/\/www.maillon-gilly.be\/?page_id=136\" \/>\n<meta property=\"og:site_name\" content=\"Le Maillon Asbl\" \/>\n<meta property=\"article:modified_time\" content=\"2017-01-18T04:32:40+00:00\" \/>\n<meta name=\"twitter:label1\" content=\"Dur\u00e9e de lecture estim\u00e9e\" \/>\n\t<meta name=\"twitter:data1\" content=\"1 minute\" \/>\n<script type=\"application\/ld+json\" class=\"yoast-schema-graph\">{\"@context\":\"https:\/\/schema.org\",\"@graph\":[{\"@type\":\"WebSite\",\"@id\":\"https:\/\/www.maillon-gilly.be\/#website\",\"url\":\"https:\/\/www.maillon-gilly.be\/\",\"name\":\"Le Maillon Asbl\",\"description\":\"Service r\u00e9sidentiel pour personnes adultes pr\u00e9sentant une d\u00e9ficience mentale\",\"potentialAction\":[{\"@type\":\"SearchAction\",\"target\":{\"@type\":\"EntryPoint\",\"urlTemplate\":\"https:\/\/www.maillon-gilly.be\/?s={search_term_string}\"},\"query-input\":\"required name=search_term_string\"}],\"inLanguage\":\"fr-FR\"},{\"@type\":\"WebPage\",\"@id\":\"https:\/\/www.maillon-gilly.be\/?page_id=136#webpage\",\"url\":\"https:\/\/www.maillon-gilly.be\/?page_id=136\",\"name\":\"Ev\u00e9nements - Le Maillon Asbl\",\"isPartOf\":{\"@id\":\"https:\/\/www.maillon-gilly.be\/#website\"},\"datePublished\":\"2017-01-13T10:41:02+00:00\",\"dateModified\":\"2017-01-18T04:32:40+00:00\",\"description\":\"De nombreuses manifestations sont organis\u00e9es au Maillon : F\u00eate du printemps, march\u00e9 de No\u00ebl, excursion d'un jour, voyages en car...\",\"breadcrumb\":{\"@id\":\"https:\/\/www.maillon-gilly.be\/?page_id=136#breadcrumb\"},\"inLanguage\":\"fr-FR\",\"potentialAction\":[{\"@type\":\"ReadAction\",\"target\":[\"https:\/\/www.maillon-gilly.be\/?page_id=136\"]}]},{\"@type\":\"BreadcrumbList\",\"@id\":\"https:\/\/www.maillon-gilly.be\/?page_id=136#breadcrumb\",\"itemListElement\":[{\"@type\":\"ListItem\",\"position\":1,\"name\":\"Accueil\",\"item\":\"https:\/\/www.maillon-gilly.be\/\"},{\"@type\":\"ListItem\",\"position\":2,\"name\":\"Ev\u00e9nements\"}]}]}<\/script>\n<!-- \/ Yoast SEO plugin. -->","yoast_head_json":{"title":"Ev\u00e9nements - Le Maillon Asbl","description":"De nombreuses manifestations sont organis\u00e9es au Maillon : F\u00eate du printemps, march\u00e9 de No\u00ebl, excursion d'un jour, voyages en car...","robots":{"index":"index","follow":"follow","max-snippet":"max-snippet:-1","max-image-preview":"max-image-preview:large","max-video-preview":"max-video-preview:-1"},"canonical":"https:\/\/www.maillon-gilly.be\/?page_id=136","og_locale":"fr_FR","og_type":"article","og_title":"Ev\u00e9nements - Le Maillon Asbl","og_description":"De nombreuses manifestations sont organis\u00e9es au Maillon : F\u00eate du printemps, march\u00e9 de No\u00ebl, excursion d'un jour, voyages en car...","og_url":"https:\/\/www.maillon-gilly.be\/?page_id=136","og_site_name":"Le Maillon Asbl","article_modified_time":"2017-01-18T04:32:40+00:00","twitter_misc":{"Dur\u00e9e de lecture estim\u00e9e":"1 minute"},"schema":{"@context":"https:\/\/schema.org","@graph":[{"@type":"WebSite","@id":"https:\/\/www.maillon-gilly.be\/#website","url":"https:\/\/www.maillon-gilly.be\/","name":"Le Maillon Asbl","description":"Service r\u00e9sidentiel pour personnes adultes pr\u00e9sentant une d\u00e9ficience mentale","potentialAction":[{"@type":"SearchAction","target":{"@type":"EntryPoint","urlTemplate":"https:\/\/www.maillon-gilly.be\/?s={search_term_string}"},"query-input":"required name=search_term_string"}],"inLanguage":"fr-FR"},{"@type":"WebPage","@id":"https:\/\/www.maillon-gilly.be\/?page_id=136#webpage","url":"https:\/\/www.maillon-gilly.be\/?page_id=136","name":"Ev\u00e9nements - Le Maillon Asbl","isPartOf":{"@id":"https:\/\/www.maillon-gilly.be\/#website"},"datePublished":"2017-01-13T10:41:02+00:00","dateModified":"2017-01-18T04:32:40+00:00","description":"De nombreuses manifestations sont organis\u00e9es au Maillon : F\u00eate du printemps, march\u00e9 de No\u00ebl, excursion d'un jour, voyages en car...","breadcrumb":{"@id":"https:\/\/www.maillon-gilly.be\/?page_id=136#breadcrumb"},"inLanguage":"fr-FR","potentialAction":[{"@type":"ReadAction","target":["https:\/\/www.maillon-gilly.be\/?page_id=136"]}]},{"@type":"BreadcrumbList","@id":"https:\/\/www.maillon-gilly.be\/?page_id=136#breadcrumb","itemListElement":[{"@type":"ListItem","position":1,"name":"Accueil","item":"https:\/\/www.maillon-gilly.be\/"},{"@type":"ListItem","position":2,"name":"Ev\u00e9nements"}]}]}},"_links":{"self":[{"href":"https:\/\/www.maillon-gilly.be\/index.php?rest_route=\/wp\/v2\/pages\/136"}],"collection":[{"href":"https:\/\/www.maillon-gilly.be\/index.php?rest_route=\/wp\/v2\/pages"}],"about":[{"href":"https:\/\/www.maillon-gilly.be\/index.php?rest_route=\/wp\/v2\/types\/page"}],"author":[{"embeddable":true,"href":"https:\/\/www.maillon-gilly.be\/index.php?rest_route=\/wp\/v2\/users\/1"}],"replies":[{"embeddable":true,"href":"https:\/\/www.maillon-gilly.be\/index.php?rest_route=%2Fwp%2Fv2%2Fcomments&post=136"}],"version-history":[{"count":6,"href":"https:\/\/www.maillon-gilly.be\/index.php?rest_route=\/wp\/v2\/pages\/136\/revisions"}],"predecessor-version":[{"id":231,"href":"https:\/\/www.maillon-gilly.be\/index.php?rest_route=\/wp\/v2\/pages\/136\/revisions\/231"}],"wp:attachment":[{"href":"https:\/\/www.maillon-gilly.be\/index.php?rest_route=%2Fwp%2Fv2%2Fmedia&parent=136"}],"curies":[{"name":"wp","href":"https:\/\/api.w.org\/{rel}","templated":true}]}}